{"id":667,"date":"2025-07-10T15:28:25","date_gmt":"2025-07-10T13:28:25","guid":{"rendered":"http:\/\/www.sergipanizo-beta.cat.mialias.net\/fotografia\/"},"modified":"2025-10-02T12:34:27","modified_gmt":"2025-10-02T10:34:27","slug":"fotografia","status":"publish","type":"page","link":"https:\/\/sergipanizo.cat\/es\/fotografia\/","title":{"rendered":"Fotograf\u00eda"},"content":{"rendered":"\t\t<div data-elementor-type=\"wp-page\" data-elementor-id=\"667\" class=\"elementor elementor-667 elementor-217\" data-elementor-post-type=\"page\">\n\t\t\t\t<div class=\"elementor-element elementor-element-81aff9a e-con-full e-flex e-con e-parent\" data-id=\"81aff9a\" data-element_type=\"container\">\n\t\t\t\t<\/div>\n\t\t\t\t<\/div>\n\t\t","protected":false},"excerpt":{"rendered":"","protected":false},"author":1,"featured_media":0,"parent":0,"menu_order":0,"comment_status":"closed","ping_status":"closed","template":"","meta":{"footnotes":""},"folder":[],"class_list":["post-667","page","type-page","status-publish","hentry"],"yoast_head":"<!-- This site is optimized with the Yoast SEO plugin v25.2 - https:\/\/yoast.com\/wordpress\/plugins\/seo\/ -->\n<title>Fot\u00f3grafo publicitario en Sabadell \u2013 Sergi Panizo<\/title>\n<meta name=\"description\" content=\"Fot\u00f3grafo publicitario en Sabadell con experiencia en marcas, productos y campa\u00f1as. Im\u00e1genes potentes que conectan con su p\u00fablico y refuerzan su identidad visual.\" \/>\n<meta name=\"robots\" content=\"index, follow, max-snippet:-1, max-image-preview:large, max-video-preview:-1\" \/>\n<link rel=\"canonical\" href=\"https:\/\/sergipanizo.cat\/es\/fotografia\/\" \/>\n<meta property=\"og:locale\" content=\"es_ES\" \/>\n<meta property=\"og:type\" content=\"article\" \/>\n<meta property=\"og:title\" content=\"Fot\u00f3grafo publicitario en Sabadell \u2013 Sergi Panizo\" \/>\n<meta property=\"og:description\" content=\"Fot\u00f3grafo publicitario en Sabadell con experiencia en marcas, productos y campa\u00f1as. Im\u00e1genes potentes que conectan con su p\u00fablico y refuerzan su identidad visual.\" \/>\n<meta property=\"og:url\" content=\"https:\/\/sergipanizo.cat\/es\/fotografia\/\" \/>\n<meta property=\"og:site_name\" content=\"Sergi Panizo\" \/>\n<meta property=\"article:modified_time\" content=\"2025-10-02T10:34:27+00:00\" \/>\n<meta name=\"twitter:card\" content=\"summary_large_image\" \/>\n<script type=\"application\/ld+json\" class=\"yoast-schema-graph\">{\"@context\":\"https:\/\/schema.org\",\"@graph\":[{\"@type\":\"WebPage\",\"@id\":\"https:\/\/sergipanizo.cat\/es\/fotografia\/\",\"url\":\"https:\/\/sergipanizo.cat\/es\/fotografia\/\",\"name\":\"Fot\u00f3grafo publicitario en Sabadell \u2013 Sergi Panizo\",\"isPartOf\":{\"@id\":\"https:\/\/sergipanizo.cat\/es\/#website\"},\"datePublished\":\"2025-07-10T13:28:25+00:00\",\"dateModified\":\"2025-10-02T10:34:27+00:00\",\"description\":\"Fot\u00f3grafo publicitario en Sabadell con experiencia en marcas, productos y campa\u00f1as. Im\u00e1genes potentes que conectan con su p\u00fablico y refuerzan su identidad visual.\",\"breadcrumb\":{\"@id\":\"https:\/\/sergipanizo.cat\/es\/fotografia\/#breadcrumb\"},\"inLanguage\":\"ES\",\"potentialAction\":[{\"@type\":\"ReadAction\",\"target\":[\"https:\/\/sergipanizo.cat\/es\/fotografia\/\"]}]},{\"@type\":\"BreadcrumbList\",\"@id\":\"https:\/\/sergipanizo.cat\/es\/fotografia\/#breadcrumb\",\"itemListElement\":[{\"@type\":\"ListItem\",\"position\":1,\"name\":\"Inici\",\"item\":\"https:\/\/sergipanizo.cat\/es\/\"},{\"@type\":\"ListItem\",\"position\":2,\"name\":\"Fotograf\u00eda\"}]},{\"@type\":\"WebSite\",\"@id\":\"https:\/\/sergipanizo.cat\/es\/#website\",\"url\":\"https:\/\/sergipanizo.cat\/es\/\",\"name\":\"Sergi Panizo\",\"description\":\"Una mirada esc\u00e8nica\",\"publisher\":{\"@id\":\"https:\/\/sergipanizo.cat\/es\/#organization\"},\"potentialAction\":[{\"@type\":\"SearchAction\",\"target\":{\"@type\":\"EntryPoint\",\"urlTemplate\":\"https:\/\/sergipanizo.cat\/es\/?s={search_term_string}\"},\"query-input\":{\"@type\":\"PropertyValueSpecification\",\"valueRequired\":true,\"valueName\":\"search_term_string\"}}],\"inLanguage\":\"ES\"},{\"@type\":\"Organization\",\"@id\":\"https:\/\/sergipanizo.cat\/es\/#organization\",\"name\":\"Sergi Panizo\",\"url\":\"https:\/\/sergipanizo.cat\/es\/\",\"logo\":{\"@type\":\"ImageObject\",\"inLanguage\":\"ES\",\"@id\":\"https:\/\/sergipanizo.cat\/es\/#\/schema\/logo\/image\/\",\"url\":\"https:\/\/sergipanizo.cat\/wp-content\/uploads\/2025\/06\/logo_2020_blanc.png\",\"contentUrl\":\"https:\/\/sergipanizo.cat\/wp-content\/uploads\/2025\/06\/logo_2020_blanc.png\",\"width\":1087,\"height\":1933,\"caption\":\"Sergi Panizo\"},\"image\":{\"@id\":\"https:\/\/sergipanizo.cat\/es\/#\/schema\/logo\/image\/\"}}]}<\/script>\n<!-- \/ Yoast SEO plugin. -->","yoast_head_json":{"title":"Fot\u00f3grafo publicitario en Sabadell \u2013 Sergi Panizo","description":"Fot\u00f3grafo publicitario en Sabadell con experiencia en marcas, productos y campa\u00f1as. Im\u00e1genes potentes que conectan con su p\u00fablico y refuerzan su identidad visual.","robots":{"index":"index","follow":"follow","max-snippet":"max-snippet:-1","max-image-preview":"max-image-preview:large","max-video-preview":"max-video-preview:-1"},"canonical":"https:\/\/sergipanizo.cat\/es\/fotografia\/","og_locale":"es_ES","og_type":"article","og_title":"Fot\u00f3grafo publicitario en Sabadell \u2013 Sergi Panizo","og_description":"Fot\u00f3grafo publicitario en Sabadell con experiencia en marcas, productos y campa\u00f1as. Im\u00e1genes potentes que conectan con su p\u00fablico y refuerzan su identidad visual.","og_url":"https:\/\/sergipanizo.cat\/es\/fotografia\/","og_site_name":"Sergi Panizo","article_modified_time":"2025-10-02T10:34:27+00:00","twitter_card":"summary_large_image","schema":{"@context":"https:\/\/schema.org","@graph":[{"@type":"WebPage","@id":"https:\/\/sergipanizo.cat\/es\/fotografia\/","url":"https:\/\/sergipanizo.cat\/es\/fotografia\/","name":"Fot\u00f3grafo publicitario en Sabadell \u2013 Sergi Panizo","isPartOf":{"@id":"https:\/\/sergipanizo.cat\/es\/#website"},"datePublished":"2025-07-10T13:28:25+00:00","dateModified":"2025-10-02T10:34:27+00:00","description":"Fot\u00f3grafo publicitario en Sabadell con experiencia en marcas, productos y campa\u00f1as. Im\u00e1genes potentes que conectan con su p\u00fablico y refuerzan su identidad visual.","breadcrumb":{"@id":"https:\/\/sergipanizo.cat\/es\/fotografia\/#breadcrumb"},"inLanguage":"ES","potentialAction":[{"@type":"ReadAction","target":["https:\/\/sergipanizo.cat\/es\/fotografia\/"]}]},{"@type":"BreadcrumbList","@id":"https:\/\/sergipanizo.cat\/es\/fotografia\/#breadcrumb","itemListElement":[{"@type":"ListItem","position":1,"name":"Inici","item":"https:\/\/sergipanizo.cat\/es\/"},{"@type":"ListItem","position":2,"name":"Fotograf\u00eda"}]},{"@type":"WebSite","@id":"https:\/\/sergipanizo.cat\/es\/#website","url":"https:\/\/sergipanizo.cat\/es\/","name":"Sergi Panizo","description":"Una mirada esc\u00e8nica","publisher":{"@id":"https:\/\/sergipanizo.cat\/es\/#organization"},"potentialAction":[{"@type":"SearchAction","target":{"@type":"EntryPoint","urlTemplate":"https:\/\/sergipanizo.cat\/es\/?s={search_term_string}"},"query-input":{"@type":"PropertyValueSpecification","valueRequired":true,"valueName":"search_term_string"}}],"inLanguage":"ES"},{"@type":"Organization","@id":"https:\/\/sergipanizo.cat\/es\/#organization","name":"Sergi Panizo","url":"https:\/\/sergipanizo.cat\/es\/","logo":{"@type":"ImageObject","inLanguage":"ES","@id":"https:\/\/sergipanizo.cat\/es\/#\/schema\/logo\/image\/","url":"https:\/\/sergipanizo.cat\/wp-content\/uploads\/2025\/06\/logo_2020_blanc.png","contentUrl":"https:\/\/sergipanizo.cat\/wp-content\/uploads\/2025\/06\/logo_2020_blanc.png","width":1087,"height":1933,"caption":"Sergi Panizo"},"image":{"@id":"https:\/\/sergipanizo.cat\/es\/#\/schema\/logo\/image\/"}}]}},"_links":{"self":[{"href":"https:\/\/sergipanizo.cat\/es\/wp-json\/wp\/v2\/pages\/667","targetHints":{"allow":["GET"]}}],"collection":[{"href":"https:\/\/sergipanizo.cat\/es\/wp-json\/wp\/v2\/pages"}],"about":[{"href":"https:\/\/sergipanizo.cat\/es\/wp-json\/wp\/v2\/types\/page"}],"author":[{"embeddable":true,"href":"https:\/\/sergipanizo.cat\/es\/wp-json\/wp\/v2\/users\/1"}],"replies":[{"embeddable":true,"href":"https:\/\/sergipanizo.cat\/es\/wp-json\/wp\/v2\/comments?post=667"}],"version-history":[{"count":1,"href":"https:\/\/sergipanizo.cat\/es\/wp-json\/wp\/v2\/pages\/667\/revisions"}],"predecessor-version":[{"id":668,"href":"https:\/\/sergipanizo.cat\/es\/wp-json\/wp\/v2\/pages\/667\/revisions\/668"}],"wp:attachment":[{"href":"https:\/\/sergipanizo.cat\/es\/wp-json\/wp\/v2\/media?parent=667"}],"wp:term":[{"taxonomy":"folder","embeddable":true,"href":"https:\/\/sergipanizo.cat\/es\/wp-json\/wp\/v2\/folder?post=667"}],"curies":[{"name":"wp","href":"https:\/\/api.w.org\/{rel}","templated":true}]}}